{"id":18,"date":"2020-08-02T21:11:01","date_gmt":"2020-08-02T19:11:01","guid":{"rendered":"http:\/\/46.105.124.10\/fab\/?page_id=18"},"modified":"2021-02-22T19:44:50","modified_gmt":"2021-02-22T18:44:50","slug":"ateliers-co-op","status":"publish","type":"page","link":"http:\/\/46.105.124.10\/fab\/?page_id=18","title":{"rendered":"Ateliers CO-OP"},"content":{"rendered":"\n<h2 class=\"wp-block-heading\"><strong><span style=\"color:#f90b1f\" class=\"has-inline-color\">Orientation Cognitive au rendement Occupationnel Quotidien CO-OP<\/span><\/strong><\/h2>\n\n\n\n<div class=\"wp-block-image\"><figure class=\"aligncenter size-large\"><img decoding=\"async\" loading=\"lazy\" width=\"728\" height=\"480\" src=\"http:\/\/46.105.124.10\/fab\/wp-content\/uploads\/2021\/02\/FireShot-Capture-288-Dyspraxie-DYS-POSITIF-https___www.dys-positif.fr_dyspraxie_.jpg\" alt=\"\" class=\"wp-image-102\" srcset=\"http:\/\/46.105.124.10\/fab\/wp-content\/uploads\/2021\/02\/FireShot-Capture-288-Dyspraxie-DYS-POSITIF-https___www.dys-positif.fr_dyspraxie_.jpg 728w, http:\/\/46.105.124.10\/fab\/wp-content\/uploads\/2021\/02\/FireShot-Capture-288-Dyspraxie-DYS-POSITIF-https___www.dys-positif.fr_dyspraxie_-300x198.jpg 300w\" sizes=\"(max-width: 728px) 100vw, 728px\" \/><\/figure><\/div>\n\n\n\n<h2 class=\"wp-block-heading\">C\u2019est quoi&nbsp;?<\/h2>\n\n\n\n<div class=\"wp-block-image\"><figure class=\"alignleft size-large is-resized\"><img decoding=\"async\" loading=\"lazy\" src=\"http:\/\/46.105.124.10\/fab\/wp-content\/uploads\/2021\/02\/FireShot-Capture-305-image-enfant-dyspraxique-\u2013-Recherche-Google_-https___www.google.com_search.jpg\" alt=\"\" class=\"wp-image-103\" width=\"241\" height=\"294\"\/><\/figure><\/div>\n\n\n\n<p>C\u2019est une approche th\u00e9rapeutique cognitive pour permettre l\u2019acquisition d\u2019habilet\u00e9s motrices cibl\u00e9es. Elle est applicable tant aux enfants qu\u2019aux adultes.<\/p>\n\n\n\n<div class=\"wp-block-image\"><figure class=\"alignright size-large is-resized\"><img decoding=\"async\" loading=\"lazy\" src=\"http:\/\/46.105.124.10\/fab\/wp-content\/uploads\/2021\/02\/FireShot-Capture-294-images-dyspraxique-\u2013-Recherche-Google_-https___www.google.com_search.jpg\" alt=\"\" class=\"wp-image-104\" width=\"267\" height=\"218\"\/><\/figure><\/div>\n\n\n\n<p>Dans cette intervention, le th\u00e9rapeute guide les personnes \u00e0 travers un processus de r\u00e9solution de probl\u00e8mes qui les m\u00e8nent \u00e0 d\u00e9couvrir et \u00e0 appliquer leurs propres strat\u00e9gies cognitives pour effectuer les t\u00e2ches de la vie quotidienne. Cette approche a d\u00e9montr\u00e9 son efficacit\u00e9 aupr\u00e8s de diverses populations.<\/p>\n\n\n\n<h2 class=\"wp-block-heading\">Pour qui&nbsp;?<\/h2>\n\n\n\n<p>Pour les enfants de 6 \u00e0 14 ans environ, pr\u00e9sentant un Trouble D\u00e9veloppemental de la Coordination (TDC ou dyspraxie) avec des r\u00e9percussions dans leur vie quotidienne.<\/p>\n\n\n\n<div class=\"wp-block-image\"><figure class=\"aligncenter size-large is-resized\"><img decoding=\"async\" loading=\"lazy\" src=\"http:\/\/46.105.124.10\/fab\/wp-content\/uploads\/2021\/02\/FireShot-Capture-297-image-enfant-dyspraxique-\u2013-Recherche-Google_-https___www.google.com_search.jpg\" alt=\"\" class=\"wp-image-105\" width=\"389\" height=\"217\"\/><\/figure><\/div>\n\n\n\n<h2 class=\"wp-block-heading\">Quelles modalit\u00e9s&nbsp;?<\/h2>\n\n\n\n<div class=\"wp-block-image\"><figure class=\"alignright size-large is-resized\"><img decoding=\"async\" loading=\"lazy\" src=\"http:\/\/46.105.124.10\/fab\/wp-content\/uploads\/2021\/02\/FireShot-Capture-302-image-enfant-dyspraxique-\u2013-Recherche-Google_-https___www.google.com_search.jpg\" alt=\"\" class=\"wp-image-106\" width=\"259\" height=\"278\"\/><\/figure><\/div>\n\n\n\n<p>1h par semaine sur environ 12 s\u00e9ances \/ 40\u20ac la s\u00e9ance.<\/p>\n\n\n\n<p>Pas de s\u00e9ance pendant les vacances.<\/p>\n\n\n\n<p>&#8211; un pr\u00e9-entretien Individuel Enfant\/parent pour \u00e9tablir ensemble les objectifs personnels<\/p>\n\n\n\n<p>&#8211; une s\u00e9ance Commune Parents\/enfants pour la pr\u00e9sentation du programme<\/p>\n\n\n\n<p>&#8211; 9 s\u00e9ances de m\u00e9thode CO-OP avec 4 enfants de la m\u00eame tranche d\u2019\u00e2ge<\/p>\n\n\n\n<p>&#8211; une s\u00e9ance de debriefing commune Parents\/Enfants, avec remise de dipl\u00f4me<\/p>\n\n\n\n<p>&#8211; un post-entretien individuel par famille<\/p>\n\n\n\n<h2 class=\"wp-block-heading\">Programme<\/h2>\n\n\n\n<p>&#8211; Choisir des objectifs cibl\u00e9s et personnels<\/p>\n\n\n\n<p>&#8211; Analyse dynamique de la Performance<\/p>\n\n\n\n<p>&#8211; Utilisation de Strat\u00e9gies Cognitives<\/p>\n\n\n\n<p>&#8211; D\u00e9couverte Guid\u00e9e<\/p>\n\n\n\n<p>&#8211; Participation des proches<\/p>\n","protected":false},"excerpt":{"rendered":"<p>Orientation Cognitive au rendement Occupationnel Quotidien CO-OP C\u2019est quoi&nbsp;? C\u2019est une approche th\u00e9rapeutique cognitive pour permettre l\u2019acquisition d\u2019habilet\u00e9s motrices cibl\u00e9es. Elle est applicable tant aux enfants qu\u2019aux adultes. Dans cette intervention, le th\u00e9rapeute guide les personnes \u00e0 travers un processus de r\u00e9solution de probl\u00e8mes qui les m\u00e8nent \u00e0 d\u00e9couvrir et \u00e0 appliquer leurs propres strat\u00e9gies&#8230;<\/p>\n","protected":false},"author":2,"featured_media":0,"parent":0,"menu_order":0,"comment_status":"closed","ping_status":"closed","template":"","meta":[],"_links":{"self":[{"href":"http:\/\/46.105.124.10\/fab\/index.php?rest_route=\/wp\/v2\/pages\/18"}],"collection":[{"href":"http:\/\/46.105.124.10\/fab\/index.php?rest_route=\/wp\/v2\/pages"}],"about":[{"href":"http:\/\/46.105.124.10\/fab\/index.php?rest_route=\/wp\/v2\/types\/page"}],"author":[{"embeddable":true,"href":"http:\/\/46.105.124.10\/fab\/index.php?rest_route=\/wp\/v2\/users\/2"}],"replies":[{"embeddable":true,"href":"http:\/\/46.105.124.10\/fab\/index.php?rest_route=%2Fwp%2Fv2%2Fcomments&post=18"}],"version-history":[{"count":2,"href":"http:\/\/46.105.124.10\/fab\/index.php?rest_route=\/wp\/v2\/pages\/18\/revisions"}],"predecessor-version":[{"id":107,"href":"http:\/\/46.105.124.10\/fab\/index.php?rest_route=\/wp\/v2\/pages\/18\/revisions\/107"}],"wp:attachment":[{"href":"http:\/\/46.105.124.10\/fab\/index.php?rest_route=%2Fwp%2Fv2%2Fmedia&parent=18"}],"curies":[{"name":"wp","href":"https:\/\/api.w.org\/{rel}","templated":true}]}}